{"id":5826,"date":"2023-06-09T16:01:27","date_gmt":"2023-06-09T14:01:27","guid":{"rendered":"https:\/\/trun-cultura.ch\/event\/zurueck-in-trun-zurueck-zuhause\/"},"modified":"2024-10-10T09:58:43","modified_gmt":"2024-10-10T07:58:43","slug":"vernissascha-2023","status":"publish","type":"tribe_events","link":"https:\/\/trun-cultura.ch\/rm\/event\/vernissascha-2023\/","title":{"rendered":"Vernissascha"},"content":{"rendered":"<p>ER\u00d6FFNUNGSAUSSTELLUNG 17. JUNI BIS 29. OKTOBER 2023<br \/>\nSPAZI SPESCHA<\/p>\n<h4>ZUR\u00dcCK IN TRUN \u2013 ZUR\u00dcCK ZUHAUSE<\/h4>\n<p><strong>\u00abIm Grunde w\u00e4re die h\u00f6chste Stufe der Kunst erreicht, wenn dort, wo ich war, mein Werk zur\u00fcckbliebe, wenn ich weggehe.\u00bb<\/strong>\u00a0(Matias Spescha, 2006)<\/p>\n<p>Matias Speschas grosser, zwei Jahre vor seinem Tode ausgesprochener Wunsch wird nun vollumf\u00e4nglich wahr: Nach der Realisierung seines Herzensprojekts, der monumentalen Freilichtskulptur OGNA, 2013 posthum in der N\u00e4he des Rheinufers in Trun er\u00f6ffnet, findet genau 10 Jahre sp\u00e4ter nun auch das Gesamtwerk in Form seines k\u00fcnstlerischen Nachlasses eine Bleibe in der Heimat des K\u00fcnstlers. Daf\u00fcr wird in der ehemaligen Tuchfabrik eine grossz\u00fcgige lichtdurchflutete Ausstellungshalle hergerichtet.<\/p>\n<p>Die Er\u00f6ffnungsausstellung des SPAZI SPESCHA wird Matias Spescha (1925\u20132008) in einer Art und Weise zeigen, wie man ihn in der Schweiz noch nie gesehen hat.<\/p>\n<p><strong>Adresse<\/strong><br \/>\nVia Fabrica 13, 7166 Trun<\/p>\n<p><strong>\u00d6ffnungszeiten<\/strong><br \/>\n17. Juni bis 29. Oktober 2023<br \/>\nMittwoch bis Sonntag 14\u201317 Uhr<\/p>\n","protected":false},"excerpt":{"rendered":"<p><a class=\"link\" href=\"\/ausstellung\/\"><strong>Ausstellung:<\/strong><\/a> Matias Spescha \/ Zur\u00fcck in Trun &#8211; zur\u00fcck zuhause<\/p>\n","protected":false},"author":3,"featured_media":1923,"template":"","meta":{"_tribe_events_status":"","_tribe_events_status_reason":"","footnotes":""},"tags":[],"tribe_events_cat":[40],"class_list":["post-5826","tribe_events","type-tribe_events","status-publish","has-post-thumbnail","hentry","tribe_events_cat-event","cat_event"],"_links":{"self":[{"href":"https:\/\/trun-cultura.ch\/rm\/wp-json\/wp\/v2\/tribe_events\/5826","targetHints":{"allow":["GET"]}}],"collection":[{"href":"https:\/\/trun-cultura.ch\/rm\/wp-json\/wp\/v2\/tribe_events"}],"about":[{"href":"https:\/\/trun-cultura.ch\/rm\/wp-json\/wp\/v2\/types\/tribe_events"}],"author":[{"embeddable":true,"href":"https:\/\/trun-cultura.ch\/rm\/wp-json\/wp\/v2\/users\/3"}],"version-history":[{"count":13,"href":"https:\/\/trun-cultura.ch\/rm\/wp-json\/wp\/v2\/tribe_events\/5826\/revisions"}],"predecessor-version":[{"id":6394,"href":"https:\/\/trun-cultura.ch\/rm\/wp-json\/wp\/v2\/tribe_events\/5826\/revisions\/6394"}],"wp:featuredmedia":[{"embeddable":true,"href":"https:\/\/trun-cultura.ch\/rm\/wp-json\/wp\/v2\/media\/1923"}],"wp:attachment":[{"href":"https:\/\/trun-cultura.ch\/rm\/wp-json\/wp\/v2\/media?parent=5826"}],"wp:term":[{"taxonomy":"post_tag","embeddable":true,"href":"https:\/\/trun-cultura.ch\/rm\/wp-json\/wp\/v2\/tags?post=5826"},{"taxonomy":"tribe_events_cat","embeddable":true,"href":"https:\/\/trun-cultura.ch\/rm\/wp-json\/wp\/v2\/tribe_events_cat?post=5826"}],"curies":[{"name":"wp","href":"https:\/\/api.w.org\/{rel}","templated":true}]}}