{"id":10555,"date":"2026-04-24T17:40:44","date_gmt":"2026-04-24T15:40:44","guid":{"rendered":"https:\/\/trun-cultura.ch\/?post_type=tribe_events&#038;p=10555"},"modified":"2026-04-24T17:53:07","modified_gmt":"2026-04-24T15:53:07","slug":"dapertut","status":"publish","type":"tribe_events","link":"https:\/\/trun-cultura.ch\/en\/event\/dapertut\/","title":{"rendered":"B\u00fchnenfestival DAPERTUT"},"content":{"rendered":"<p><div class=\"fusion-fullwidth fullwidth-box fusion-builder-row-1 fusion-flex-container has-pattern-background has-mask-background nonhundred-percent-fullwidth non-hundred-percent-height-scrolling\" style=\"--awb-border-radius-top-left:0px;--awb-border-radius-top-right:0px;--awb-border-radius-bottom-right:0px;--awb-border-radius-bottom-left:0px;--awb-flex-wrap:wrap;\" ><div class=\"fusion-builder-row fusion-row fusion-flex-align-items-flex-start fusion-flex-content-wrap\" style=\"max-width:1248px;margin-left: calc(-4% \/ 2 );margin-right: calc(-4% \/ 2 );\"><div class=\"fusion-layout-column fusion_builder_column fusion-builder-column-0 fusion_builder_column_1_2 1_2 fusion-flex-column\" style=\"--awb-bg-size:cover;--awb-width-large:50%;--awb-margin-top-large:0px;--awb-spacing-right-large:3.84%;--awb-margin-bottom-large:20px;--awb-spacing-left-large:3.84%;--awb-width-medium:50%;--awb-order-medium:0;--awb-spacing-right-medium:3.84%;--awb-spacing-left-medium:3.84%;--awb-width-small:100%;--awb-order-small:0;--awb-spacing-right-small:1.92%;--awb-spacing-left-small:1.92%;\"><div class=\"fusion-column-wrapper fusion-column-has-shadow fusion-flex-justify-content-flex-start fusion-content-layout-column\"><div class=\"fusion-image-element \" style=\"--awb-caption-title-font-family:var(--h2_typography-font-family);--awb-caption-title-font-weight:var(--h2_typography-font-weight);--awb-caption-title-font-style:var(--h2_typography-font-style);--awb-caption-title-size:var(--h2_typography-font-size);--awb-caption-title-transform:var(--h2_typography-text-transform);--awb-caption-title-line-height:var(--h2_typography-line-height);--awb-caption-title-letter-spacing:var(--h2_typography-letter-spacing);\"><span class=\" fusion-imageframe imageframe-none imageframe-1 hover-type-none\"><img decoding=\"async\" width=\"1280\" height=\"960\" title=\"PHOTO-2026-03-23-22-24-42\" src=\"https:\/\/trun-cultura.ch\/wp-content\/uploads\/2026\/04\/PHOTO-2026-03-23-22-24-42-e1776100603771.jpg\" alt class=\"img-responsive wp-image-10444\"\/><\/span><\/div><\/div><\/div><div class=\"fusion-layout-column fusion_builder_column fusion-builder-column-1 fusion_builder_column_1_2 1_2 fusion-flex-column\" style=\"--awb-bg-size:cover;--awb-width-large:50%;--awb-margin-top-large:0px;--awb-spacing-right-large:3.84%;--awb-margin-bottom-large:20px;--awb-spacing-left-large:3.84%;--awb-width-medium:50%;--awb-order-medium:0;--awb-spacing-right-medium:3.84%;--awb-spacing-left-medium:3.84%;--awb-width-small:100%;--awb-order-small:0;--awb-spacing-right-small:1.92%;--awb-spacing-left-small:1.92%;\"><div class=\"fusion-column-wrapper fusion-column-has-shadow fusion-flex-justify-content-flex-start fusion-content-layout-column\"><div class=\"fusion-text fusion-text-1\"><p><strong>Die moderne \u201eEINMANNB\u00dcHNE\u201c<\/strong><br \/>\nInspiriert von Zarli Carigiets \u00abEinmannb\u00fchne\u00bb, die in der Ausstellung \u00abDavon e davos las culissas\u00bb in der Casa Carigiet gezeigt wird, inszenieren wir das allt\u00e4glich Komische auf vielen Kleinstb\u00fchnen im Haus und drumherum und pr\u00e4sentieren sparten\u00fcbergreifend Genres in all ihren Facetten.<\/p>\n<p><strong>DAPERTUT (\u00dcberall)<br \/>\n<\/strong>Mit mobilen B\u00fchnenelementen verwandeln wir Gassen, Pl\u00e4tze und die Umgebung der Casa Carigiet in einen lebendigen Schauplatz. Ob Musik, Kabarett, Theater, Zirkus, Tanz oder Performance &#8211; B\u00fchne und Zuschauerraum verschmelzen zu einer Einheit.<\/p>\n<p>Erleben Sie drei Tage voller Highlights: Von Neukreationen und Hommagen an Zarli Carigiet, \u00fcber Open Stages f\u00fcr lokale Talente bis hin zu partizipativen Momenten, in denen Sie selbst die B\u00fchne betreten d\u00fcrfen. Wir laden Sie ein, Gewohntes zu geniessen und Neues zu entdecken.<\/p>\n<p><strong>Datum<\/strong><br \/>\nFreitag, 28.\u00a0 bis Sonntag, 30. August 2026<\/p>\n<p><strong>Ort<\/strong><br \/>\nCasa Carigiet, Plaz Caduvri 36,<br \/>\nund an anderen Ort in Trun<\/p>\n<p><strong>Tickets<\/strong><br \/>\nVorverkauf ab dem 9. Mai 2026<\/p>\n<p><a href=\"https:\/\/trun-cultura.ch\/wp-content\/uploads\/2026\/04\/260416_Trun-Cultura_Flyer_DAPERTUT-1-1.pdf\">Flyer<\/a><\/p>\n<\/div><\/div><\/div><\/div><\/div><div class=\"fusion-fullwidth fullwidth-box fusion-builder-row-2 fusion-flex-container has-pattern-background has-mask-background mobilereverserow nonhundred-percent-fullwidth non-hundred-percent-height-scrolling\" style=\"--awb-border-radius-top-left:0px;--awb-border-radius-top-right:0px;--awb-border-radius-bottom-right:0px;--awb-border-radius-bottom-left:0px;--awb-padding-top:40px;--awb-padding-top-small:0px;--awb-flex-wrap:wrap;--awb-flex-wrap-medium:wrap;\" ><div class=\"fusion-builder-row fusion-row fusion-flex-align-items-flex-start fusion-flex-content-wrap\" style=\"max-width:1248px;margin-left: calc(-4% \/ 2 );margin-right: calc(-4% \/ 2 );\"><div class=\"fusion-layout-column fusion_builder_column fusion-builder-column-2 fusion_builder_column_1_2 1_2 fusion-flex-column\" style=\"--awb-bg-size:cover;--awb-width-large:50%;--awb-margin-top-large:0px;--awb-spacing-right-large:0%;--awb-margin-bottom-large:20px;--awb-spacing-left-large:3.84%;--awb-width-medium:50%;--awb-order-medium:0;--awb-spacing-right-medium:0%;--awb-spacing-left-medium:3.84%;--awb-width-small:100%;--awb-order-small:0;--awb-spacing-right-small:1.92%;--awb-spacing-left-small:1.92%;\" data-scroll-devices=\"small-visibility,medium-visibility,large-visibility\"><div class=\"fusion-column-wrapper fusion-column-has-shadow fusion-flex-justify-content-flex-start fusion-content-layout-column\"><div class=\"fusion-text fusion-text-2\"><p><strong>Programm DAPERTUT<\/strong><\/p>\n<p><strong>Freitag, 28 August 2026<\/strong><br \/>\n17:30 Wilkommensgruss mit Tanzimprivisation \/ Biophilia von <strong>Diane Gemsch<br \/>\n<\/strong>17:30 Zeitgen\u00f6ssischer Zirkus \/ <strong>Fabian Krestel<\/strong><br \/>\n18:30 Musik \/ <strong>Corinne Curschellas<\/strong><br \/>\n19:30 Kabarett \/ <strong>Luca Maurizio<\/strong><br \/>\n20:30 <strong>Openstage \/<\/strong> <strong>David Flepp<\/strong> mit lokalen Theatervereinen<\/p>\n<p><strong>Samstag, 29. August<br \/>\n<\/strong>11:00 Musik \/ <strong>Las Buobas Scherrer<\/strong><br \/>\n12:00 Zeitgen\u00f6ssischer Zirkus \/ <strong>Fabian Krestel<\/strong><br \/>\n13:00 Performance &#8211; Turminstallation \/ <strong>Georg Traber<\/strong><br \/>\n13:30 <strong>Openstage \/<\/strong> <strong>David Flepp<\/strong> mit lokalen Theatervereinen<\/p>\n<p>14:15 Musik &#8211; Performance \/ <strong>Quirina Lechmann<\/strong><br \/>\n15:30 Zeitgen\u00f6ssischer Zirkus\/ <strong>Lefeuvre &amp; Andr\u00e9<\/strong><br \/>\n17:15\u00a0 Kabarett \/<strong>Dominik Muheim<\/strong><br \/>\n20:00 Musik \/ <strong>Mattiu Defuns<\/strong><br \/>\n22:00 Musik und Bar<\/p>\n<p><strong>Sonntag, 30. August<br \/>\n<\/strong>11:30 Kaffe mit Gipfeli und Tanzimprovisation\/ Biophilia von <strong>Diane Gemsch<\/strong><br \/>\n12:00 Musik\/ <strong>Alexi e Marcus<\/strong><br \/>\n12.30 Performance &#8211; Turminstallation\/ <strong>Georg Traber<\/strong><strong><br \/>\n<\/strong>13:30 Theater Workshopsharing \/<strong>Junges Theater Graub\u00fcnden<\/strong><br \/>\n14:30 Zeitgen\u00f6ssischer Zirkus \/ <strong>Lefeuvre &amp; Andr\u00e9<\/strong><br \/>\n16:00 Kabarett \/ <strong>Flurin Caviezel<\/strong><br \/>\n17:00 Musik \/ <strong>Alexi e Marcus<\/strong><\/p>\n<\/div><\/div><\/div><div class=\"fusion-layout-column fusion_builder_column fusion-builder-column-3 fusion_builder_column_1_2 1_2 fusion-flex-column\" style=\"--awb-bg-size:cover;--awb-width-large:50%;--awb-margin-top-large:0px;--awb-spacing-right-large:3.84%;--awb-margin-bottom-large:20px;--awb-spacing-left-large:3.84%;--awb-width-medium:50%;--awb-order-medium:0;--awb-spacing-right-medium:3.84%;--awb-spacing-left-medium:3.84%;--awb-width-small:100%;--awb-order-small:0;--awb-spacing-right-small:1.92%;--awb-spacing-left-small:1.92%;\"><div class=\"fusion-column-wrapper fusion-column-has-shadow fusion-flex-justify-content-flex-start fusion-content-layout-column\"><div class=\"fusion-image-element \" style=\"--awb-caption-title-font-family:var(--h2_typography-font-family);--awb-caption-title-font-weight:var(--h2_typography-font-weight);--awb-caption-title-font-style:var(--h2_typography-font-style);--awb-caption-title-size:var(--h2_typography-font-size);--awb-caption-title-transform:var(--h2_typography-text-transform);--awb-caption-title-line-height:var(--h2_typography-line-height);--awb-caption-title-letter-spacing:var(--h2_typography-letter-spacing);\"><span class=\" fusion-imageframe imageframe-none imageframe-2 hover-type-none\"><img decoding=\"async\" width=\"890\" height=\"1258\" title=\"260424_Trun-Cultura_DAPERTUT_klein\" src=\"https:\/\/trun-cultura.ch\/wp-content\/uploads\/2026\/04\/260424_Trun-Cultura_DAPERTUT_klein.jpg\" alt class=\"img-responsive wp-image-10538\" srcset=\"https:\/\/trun-cultura.ch\/wp-content\/uploads\/2026\/04\/260424_Trun-Cultura_DAPERTUT_klein-200x283.jpg 200w, https:\/\/trun-cultura.ch\/wp-content\/uploads\/2026\/04\/260424_Trun-Cultura_DAPERTUT_klein-400x565.jpg 400w, https:\/\/trun-cultura.ch\/wp-content\/uploads\/2026\/04\/260424_Trun-Cultura_DAPERTUT_klein-600x848.jpg 600w, https:\/\/trun-cultura.ch\/wp-content\/uploads\/2026\/04\/260424_Trun-Cultura_DAPERTUT_klein-800x1131.jpg 800w, https:\/\/trun-cultura.ch\/wp-content\/uploads\/2026\/04\/260424_Trun-Cultura_DAPERTUT_klein.jpg 890w\" sizes=\"(max-width: 575px) 100vw, 600px\" \/><\/span><\/div><\/div><\/div><\/div><\/div><div class=\"fusion-fullwidth fullwidth-box fusion-builder-row-3 fusion-flex-container has-pattern-background has-mask-background nonhundred-percent-fullwidth non-hundred-percent-height-scrolling\" style=\"--awb-border-radius-top-left:0px;--awb-border-radius-top-right:0px;--awb-border-radius-bottom-right:0px;--awb-border-radius-bottom-left:0px;--awb-flex-wrap:wrap;\" ><div class=\"fusion-builder-row fusion-row fusion-flex-align-items-flex-start fusion-flex-content-wrap\" style=\"max-width:1248px;margin-left: calc(-4% \/ 2 );margin-right: calc(-4% \/ 2 );\"><div class=\"fusion-layout-column fusion_builder_column fusion-builder-column-4 fusion_builder_column_1_2 1_2 fusion-flex-column\" style=\"--awb-bg-size:cover;--awb-width-large:50%;--awb-margin-top-large:0px;--awb-spacing-right-large:3.84%;--awb-margin-bottom-large:20px;--awb-spacing-left-large:3.84%;--awb-width-medium:50%;--awb-order-medium:0;--awb-spacing-right-medium:3.84%;--awb-spacing-left-medium:3.84%;--awb-width-small:100%;--awb-order-small:0;--awb-spacing-right-small:1.92%;--awb-spacing-left-small:1.92%;\"><div class=\"fusion-column-wrapper fusion-column-has-shadow fusion-flex-justify-content-flex-start fusion-content-layout-column\"><div class=\"fusion-image-element \" style=\"--awb-caption-title-font-family:var(--h2_typography-font-family);--awb-caption-title-font-weight:var(--h2_typography-font-weight);--awb-caption-title-font-style:var(--h2_typography-font-style);--awb-caption-title-size:var(--h2_typography-font-size);--awb-caption-title-transform:var(--h2_typography-text-transform);--awb-caption-title-line-height:var(--h2_typography-line-height);--awb-caption-title-letter-spacing:var(--h2_typography-letter-spacing);\"><span class=\" fusion-imageframe imageframe-none imageframe-3 hover-type-none\"><img decoding=\"async\" width=\"500\" height=\"486\" title=\"logo_Schwarz\" src=\"https:\/\/trun-cultura.ch\/wp-content\/uploads\/2026\/04\/logo_Schwarz.png\" alt class=\"img-responsive wp-image-10485\" srcset=\"https:\/\/trun-cultura.ch\/wp-content\/uploads\/2026\/04\/logo_Schwarz-200x194.png 200w, https:\/\/trun-cultura.ch\/wp-content\/uploads\/2026\/04\/logo_Schwarz-400x389.png 400w, https:\/\/trun-cultura.ch\/wp-content\/uploads\/2026\/04\/logo_Schwarz.png 500w\" sizes=\"(max-width: 575px) 100vw, 500px\" \/><\/span><\/div><\/div><\/div><div class=\"fusion-layout-column fusion_builder_column fusion-builder-column-5 fusion_builder_column_1_2 1_2 fusion-flex-column\" style=\"--awb-bg-size:cover;--awb-width-large:50%;--awb-margin-top-large:0px;--awb-spacing-right-large:3.84%;--awb-margin-bottom-large:20px;--awb-spacing-left-large:3.84%;--awb-width-medium:50%;--awb-order-medium:0;--awb-spacing-right-medium:3.84%;--awb-spacing-left-medium:3.84%;--awb-width-small:100%;--awb-order-small:0;--awb-spacing-right-small:1.92%;--awb-spacing-left-small:1.92%;\"><div class=\"fusion-column-wrapper fusion-column-has-shadow fusion-flex-justify-content-flex-start fusion-content-layout-column\"><div class=\"fusion-text fusion-text-3\"><p><strong>Ferienkurs Junges Theater Graub\u00fcnden in Trun<br \/>\n<\/strong>f\u00fcr alle zwischen\u00a0 9 und 15 Jahre<\/p>\n<p>Der Theaterworkshop f\u00fcr die Jungendauert vier Tage vom 27. bis zum 30. Juli von 10.15 &#8211; 16.15<br \/>\nAuffrischdatum\u00a0 26 . August<br \/>\nVorstellung DAPERTUT am Sonntag, 30. August<\/p>\n<p><strong>Ort<\/strong><br \/>\nAula Casa da Scola Trun<\/p>\n<p>Anmeldung unter <a href=\"https:\/\/jungestheater.ch\">jungestheater.gr<\/a><br \/>\nLeitung: Angela Collenberg, <a href=\"https:\/\/www.angelacollenberg.ch\">www.angelacollenberg.ch<\/a><\/p>\n<\/div><\/div><\/div><\/div><\/div><div class=\"fusion-fullwidth fullwidth-box fusion-builder-row-4 fusion-flex-container has-pattern-background has-mask-background nonhundred-percent-fullwidth non-hundred-percent-height-scrolling\" style=\"--awb-border-radius-top-left:0px;--awb-border-radius-top-right:0px;--awb-border-radius-bottom-right:0px;--awb-border-radius-bottom-left:0px;--awb-flex-wrap:wrap;\" ><div class=\"fusion-builder-row fusion-row fusion-flex-align-items-flex-start fusion-flex-content-wrap\" style=\"max-width:1248px;margin-left: calc(-4% \/ 2 );margin-right: calc(-4% \/ 2 );\"><div class=\"fusion-layout-column fusion_builder_column fusion-builder-column-6 fusion_builder_column_1_2 1_2 fusion-flex-column\" style=\"--awb-bg-size:cover;--awb-width-large:50%;--awb-margin-top-large:0px;--awb-spacing-right-large:3.84%;--awb-margin-bottom-large:20px;--awb-spacing-left-large:3.84%;--awb-width-medium:50%;--awb-order-medium:0;--awb-spacing-right-medium:3.84%;--awb-spacing-left-medium:3.84%;--awb-width-small:100%;--awb-order-small:0;--awb-spacing-right-small:1.92%;--awb-spacing-left-small:1.92%;\"><div class=\"fusion-column-wrapper fusion-column-has-shadow fusion-flex-justify-content-flex-start fusion-content-layout-column\"><\/div><\/div><div class=\"fusion-layout-column fusion_builder_column fusion-builder-column-7 fusion_builder_column_1_2 1_2 fusion-flex-column\" style=\"--awb-bg-size:cover;--awb-width-large:50%;--awb-margin-top-large:0px;--awb-spacing-right-large:3.84%;--awb-margin-bottom-large:20px;--awb-spacing-left-large:3.84%;--awb-width-medium:50%;--awb-order-medium:0;--awb-spacing-right-medium:3.84%;--awb-spacing-left-medium:3.84%;--awb-width-small:100%;--awb-order-small:0;--awb-spacing-right-small:1.92%;--awb-spacing-left-small:1.92%;\"><div class=\"fusion-column-wrapper fusion-column-has-shadow fusion-flex-justify-content-flex-start fusion-content-layout-column\"><\/div><\/div><\/div><\/div><\/p>\n","protected":false},"excerpt":{"rendered":"","protected":false},"author":6,"featured_media":10473,"template":"","meta":{"_tribe_events_status":"","_tribe_events_status_reason":"","footnotes":""},"tags":[],"tribe_events_cat":[96,120],"class_list":["post-10555","tribe_events","type-tribe_events","status-publish","has-post-thumbnail","hentry","tribe_events_cat-event","tribe_events_cat-festival-en","cat_event","cat_festival-en"],"_links":{"self":[{"href":"https:\/\/trun-cultura.ch\/en\/wp-json\/wp\/v2\/tribe_events\/10555","targetHints":{"allow":["GET"]}}],"collection":[{"href":"https:\/\/trun-cultura.ch\/en\/wp-json\/wp\/v2\/tribe_events"}],"about":[{"href":"https:\/\/trun-cultura.ch\/en\/wp-json\/wp\/v2\/types\/tribe_events"}],"author":[{"embeddable":true,"href":"https:\/\/trun-cultura.ch\/en\/wp-json\/wp\/v2\/users\/6"}],"version-history":[{"count":9,"href":"https:\/\/trun-cultura.ch\/en\/wp-json\/wp\/v2\/tribe_events\/10555\/revisions"}],"predecessor-version":[{"id":10573,"href":"https:\/\/trun-cultura.ch\/en\/wp-json\/wp\/v2\/tribe_events\/10555\/revisions\/10573"}],"wp:featuredmedia":[{"embeddable":true,"href":"https:\/\/trun-cultura.ch\/en\/wp-json\/wp\/v2\/media\/10473"}],"wp:attachment":[{"href":"https:\/\/trun-cultura.ch\/en\/wp-json\/wp\/v2\/media?parent=10555"}],"wp:term":[{"taxonomy":"post_tag","embeddable":true,"href":"https:\/\/trun-cultura.ch\/en\/wp-json\/wp\/v2\/tags?post=10555"},{"taxonomy":"tribe_events_cat","embeddable":true,"href":"https:\/\/trun-cultura.ch\/en\/wp-json\/wp\/v2\/tribe_events_cat?post=10555"}],"curies":[{"name":"wp","href":"https:\/\/api.w.org\/{rel}","templated":true}]}}