{"id":10179,"date":"2026-01-29T17:45:49","date_gmt":"2026-01-29T16:45:49","guid":{"rendered":"https:\/\/trun-cultura.ch\/event\/slowed-landscape-partizipative-performance\/"},"modified":"2026-03-24T09:46:29","modified_gmt":"2026-03-24T08:46:29","slug":"slowedlandscapes","status":"publish","type":"tribe_events","link":"https:\/\/trun-cultura.ch\/en\/event\/slowedlandscapes\/","title":{"rendered":"SLOWED LANDSCAPES \/ PARTIZIPATIVE PERFORMANCE"},"content":{"rendered":"<p><div class=\"fusion-fullwidth fullwidth-box fusion-builder-row-1 fusion-flex-container has-pattern-background has-mask-background nonhundred-percent-fullwidth non-hundred-percent-height-scrolling\" style=\"--awb-border-radius-top-left:0px;--awb-border-radius-top-right:0px;--awb-border-radius-bottom-right:0px;--awb-border-radius-bottom-left:0px;--awb-margin-bottom:20px;--awb-flex-wrap:wrap;\" ><div class=\"fusion-builder-row fusion-row fusion-flex-align-items-flex-start fusion-flex-content-wrap\" style=\"max-width:1248px;margin-left: calc(-4% \/ 2 );margin-right: calc(-4% \/ 2 );\"><div class=\"fusion-layout-column fusion_builder_column fusion-builder-column-0 fusion_builder_column_1_2 1_2 fusion-flex-column\" style=\"--awb-bg-size:cover;--awb-width-large:50%;--awb-margin-top-large:0px;--awb-spacing-right-large:3.84%;--awb-margin-bottom-large:0px;--awb-spacing-left-large:3.84%;--awb-width-medium:50%;--awb-order-medium:0;--awb-spacing-right-medium:3.84%;--awb-spacing-left-medium:3.84%;--awb-width-small:100%;--awb-order-small:0;--awb-spacing-right-small:1.92%;--awb-margin-bottom-small:20px;--awb-spacing-left-small:1.92%;\" data-scroll-devices=\"small-visibility,medium-visibility,large-visibility\"><div class=\"fusion-column-wrapper fusion-column-has-shadow fusion-flex-justify-content-flex-start fusion-content-layout-column\"><div class=\"fusion-image-carousel fusion-image-carousel-auto fusion-image-carousel-1 fusion-carousel-border\"><div class=\"awb-carousel awb-swiper awb-swiper-carousel\" data-autoplay=\"yes\" data-columns=\"1\" data-itemmargin=\"13\" data-itemwidth=\"180\" data-touchscroll=\"no\" data-imagesize=\"auto\" style=\"--awb-columns:1;\"><div class=\"swiper-wrapper awb-image-carousel-wrapper fusion-flex-align-items-center\"><div class=\"swiper-slide\"><div class=\"fusion-carousel-item-wrapper\"><div class=\"fusion-image-wrapper hover-type-none\"><img decoding=\"async\" width=\"1250\" height=\"874\" src=\"https:\/\/trun-cultura.ch\/wp-content\/uploads\/2026\/01\/img-1611-1280x960-1-e1769703939760.jpg\" class=\"attachment-full size-full\" alt=\"\" \/><\/div><\/div><\/div><div class=\"swiper-slide\"><div class=\"fusion-carousel-item-wrapper\"><div class=\"fusion-image-wrapper hover-type-none\"><img decoding=\"async\" width=\"1250\" height=\"850\" src=\"https:\/\/trun-cultura.ch\/wp-content\/uploads\/2025\/01\/Ogna-Via-Ogna-Via-Campadi-7166-Trun-0037-e1737048734765.jpg\" class=\"attachment-full size-full\" alt=\"\" srcset=\"https:\/\/trun-cultura.ch\/wp-content\/uploads\/2025\/01\/Ogna-Via-Ogna-Via-Campadi-7166-Trun-0037-e1737048734765-200x136.jpg 200w, https:\/\/trun-cultura.ch\/wp-content\/uploads\/2025\/01\/Ogna-Via-Ogna-Via-Campadi-7166-Trun-0037-e1737048734765-300x204.jpg 300w, https:\/\/trun-cultura.ch\/wp-content\/uploads\/2025\/01\/Ogna-Via-Ogna-Via-Campadi-7166-Trun-0037-e1737048734765-400x272.jpg 400w, https:\/\/trun-cultura.ch\/wp-content\/uploads\/2025\/01\/Ogna-Via-Ogna-Via-Campadi-7166-Trun-0037-e1737048734765-500x340.jpg 500w, https:\/\/trun-cultura.ch\/wp-content\/uploads\/2025\/01\/Ogna-Via-Ogna-Via-Campadi-7166-Trun-0037-e1737048734765-600x408.jpg 600w, https:\/\/trun-cultura.ch\/wp-content\/uploads\/2025\/01\/Ogna-Via-Ogna-Via-Campadi-7166-Trun-0037-e1737048734765-700x476.jpg 700w, https:\/\/trun-cultura.ch\/wp-content\/uploads\/2025\/01\/Ogna-Via-Ogna-Via-Campadi-7166-Trun-0037-e1737048734765-768x522.jpg 768w, https:\/\/trun-cultura.ch\/wp-content\/uploads\/2025\/01\/Ogna-Via-Ogna-Via-Campadi-7166-Trun-0037-e1737048734765-800x544.jpg 800w, https:\/\/trun-cultura.ch\/wp-content\/uploads\/2025\/01\/Ogna-Via-Ogna-Via-Campadi-7166-Trun-0037-e1737048734765-1024x696.jpg 1024w, https:\/\/trun-cultura.ch\/wp-content\/uploads\/2025\/01\/Ogna-Via-Ogna-Via-Campadi-7166-Trun-0037-e1737048734765-1200x816.jpg 1200w, https:\/\/trun-cultura.ch\/wp-content\/uploads\/2025\/01\/Ogna-Via-Ogna-Via-Campadi-7166-Trun-0037-e1737048734765.jpg 1250w\" sizes=\"(max-width: 1250px) 100vw, 1250px\" \/><\/div><\/div><\/div><\/div><div class=\"awb-swiper-button awb-swiper-button-prev\"><i class=\"awb-icon-angle-left\" aria-hidden=\"true\"><\/i><\/div><div class=\"awb-swiper-button awb-swiper-button-next\"><i class=\"awb-icon-angle-right\" aria-hidden=\"true\"><\/i><\/div><\/div><\/div><\/div><\/div><div class=\"fusion-layout-column fusion_builder_column fusion-builder-column-1 fusion_builder_column_1_2 1_2 fusion-flex-column\" style=\"--awb-bg-size:cover;--awb-width-large:50%;--awb-margin-top-large:0px;--awb-spacing-right-large:3.84%;--awb-margin-bottom-large:0px;--awb-spacing-left-large:3.84%;--awb-width-medium:50%;--awb-order-medium:0;--awb-spacing-right-medium:3.84%;--awb-spacing-left-medium:3.84%;--awb-width-small:100%;--awb-order-small:0;--awb-spacing-right-small:1.92%;--awb-spacing-left-small:1.92%;\" data-scroll-devices=\"small-visibility,medium-visibility,large-visibility\"><div class=\"fusion-column-wrapper fusion-column-has-shadow fusion-flex-justify-content-flex-start fusion-content-layout-column\"><div class=\"fusion-text fusion-text-1\"><p>Das hybride, von der Choreografin und K\u00fcnstlerin Moni Wespi entwickelte Format SLOW MOVEMENT mit Installationen, Performern und Beteiligung des Publikums f\u00fcgt sich farblich, baulich und \u00e4sthetisch in die Skulptur OGNA ein: Flechten besetzen ein Halbrund im Inneren der Skulptur, kleiden aber auch die Mitwirkenden ein, die mit ihnen verschmelzen oder sich aus ihnen l\u00f6sen. Im gegen\u00fcberliegenden Halbrund erweitert die K\u00fcnstlerin die bereits entwickelte Installation STEINE um weitere, gr\u00f6ssere Objekte, die den Dimensionen der Skulptur entsprechen und als fixe Installationen w\u00e4hrend des Wochenendes in ihr verbleiben.<\/p>\n<p>Das Publikum kann w\u00e4hrend den zwei Stunden die Installation aus der Ferne betrachten, sich n\u00e4hern, sich hinsetzen, zuschauen oder sie betreten. Eine kleine Gruppe kann sich jeweils f\u00fcr 15 Minuten zur Musik von Fran\u00e7ois de Saint Georges \u00fcber Kopfh\u00f6rer einen Stein- oder Flechtenumhang \u00fcberziehen und, durch die Langsamkeit der Stimme und des Tons animiert, Teil des Kunstwerks werden.<\/p>\n<p>Moni Wespi (CH\/BE) ist gelernte Choreographin, Visuelle K\u00fcnstlerin und Designerin, wohnhaft in Almens. Ihre Praxis vermischt Performance mit Videoinstallation und hinterfragt die Klischees von Identit\u00e4t und Bewegung durch einzigartige Szenogra\ufb01en.<\/p>\n<\/div><\/div><\/div><\/div><\/div><div class=\"fusion-fullwidth fullwidth-box fusion-builder-row-2 fusion-flex-container has-pattern-background has-mask-background mobilereverserow nonhundred-percent-fullwidth non-hundred-percent-height-scrolling\" style=\"--awb-border-radius-top-left:0px;--awb-border-radius-top-right:0px;--awb-border-radius-bottom-right:0px;--awb-border-radius-bottom-left:0px;--awb-padding-top:40px;--awb-padding-top-small:0px;--awb-flex-wrap:wrap;--awb-flex-wrap-medium:wrap;\" ><div class=\"fusion-builder-row fusion-row fusion-flex-align-items-flex-start fusion-flex-content-wrap\" style=\"max-width:1248px;margin-left: calc(-4% \/ 2 );margin-right: calc(-4% \/ 2 );\"><div class=\"fusion-layout-column fusion_builder_column fusion-builder-column-2 fusion_builder_column_1_2 1_2 fusion-flex-column\" style=\"--awb-bg-size:cover;--awb-width-large:50%;--awb-margin-top-large:0px;--awb-spacing-right-large:0%;--awb-margin-bottom-large:20px;--awb-spacing-left-large:3.84%;--awb-width-medium:50%;--awb-order-medium:0;--awb-spacing-right-medium:0%;--awb-spacing-left-medium:3.84%;--awb-width-small:100%;--awb-order-small:0;--awb-spacing-right-small:1.92%;--awb-spacing-left-small:1.92%;\" data-scroll-devices=\"small-visibility,medium-visibility,large-visibility\"><div class=\"fusion-column-wrapper fusion-column-has-shadow fusion-flex-justify-content-flex-start fusion-content-layout-column\"><div ><a class=\"fusion-button button-flat fusion-button-default-size button-default fusion-button-default button-1 fusion-button-default-span fusion-button-default-type\" style=\"--button_margin-top:-25px;--button_margin-bottom:15px;\" target=\"_self\" href=\"\/tickets\/\"><span class=\"fusion-button-text\">TICKETS<\/span><\/a><\/div><div class=\"fusion-text fusion-text-2\"><p>In der Installation findet ein Konzert von Berlinde Deman statt. Ihre Erforschung des klanglichen Erbes f\u00fchrte sie zur Serpent \u2013 dem Vorl\u00e4ufer der Tuba aus dem 16. Jahrhundert.<\/p>\n<p>In ihren Soloarbeiten untersucht sie Stille als musikalischen Raum. Die Serpent, gepr\u00e4gt von einer Welt ohne Motoren, Elektrizit\u00e4t oder st\u00e4ndigen L\u00e4rm, wird zu einem Werkzeug, um sich wieder mit einer verlorenen akustischen Realit\u00e4t zu verbinden. Durch Atem, mehrschichtige Loops und subtile Elektronik erforscht sie, wie verschiedene Arten von Stille klingen k\u00f6nnen \u2013 von intim bis beunruhigend.<\/p>\n<p>Berlinde Deman ist eine Tubaspielerin, die f\u00fcr ihre Arbeit mit dem Flat Earth Society Orchestra und ihre Zusammenarbeit mit Jazz-, zeitgen\u00f6ssischen und experimentellen Musikern bekannt ist. Im Herbst 2025 gab sie ihr Deb\u00fct-Soloalbum heraus und stellt darin die Serpent und Live-Elektronik in den Mittelpunkt einer reflektierenden und resonanten Klangwelt.<\/p>\n<p><a href=\"https:\/\/berlindedeman1.bandcamp.com\/album\/plank-9-2\">mehr zu Berlinde Deman<\/a><\/p>\n<\/div><\/div><\/div><div class=\"fusion-layout-column fusion_builder_column fusion-builder-column-3 fusion_builder_column_1_2 1_2 fusion-flex-column\" style=\"--awb-bg-size:cover;--awb-width-large:50%;--awb-margin-top-large:0px;--awb-spacing-right-large:3.84%;--awb-margin-bottom-large:20px;--awb-spacing-left-large:3.84%;--awb-width-medium:50%;--awb-order-medium:0;--awb-spacing-right-medium:3.84%;--awb-spacing-left-medium:3.84%;--awb-width-small:100%;--awb-order-small:0;--awb-spacing-right-small:1.92%;--awb-spacing-left-small:1.92%;\" data-scroll-devices=\"small-visibility,medium-visibility,large-visibility\"><div class=\"fusion-column-wrapper fusion-column-has-shadow fusion-flex-justify-content-flex-start fusion-content-layout-column\"><div class=\"fusion-image-element \" style=\"--awb-caption-title-font-family:var(--h2_typography-font-family);--awb-caption-title-font-weight:var(--h2_typography-font-weight);--awb-caption-title-font-style:var(--h2_typography-font-style);--awb-caption-title-size:var(--h2_typography-font-size);--awb-caption-title-transform:var(--h2_typography-text-transform);--awb-caption-title-line-height:var(--h2_typography-line-height);--awb-caption-title-letter-spacing:var(--h2_typography-letter-spacing);\"><span class=\" fusion-imageframe imageframe-none imageframe-1 hover-type-none\"><img decoding=\"async\" width=\"1250\" height=\"909\" title=\"Berlinde-Deman mit Tuba_quer\" src=\"https:\/\/trun-cultura.ch\/wp-content\/uploads\/2026\/01\/Berlinde-Deman-mit-Tuba_quer-1-e1769704059647.jpg\" alt class=\"img-responsive wp-image-10167\"\/><\/span><\/div><div class=\"fusion-text fusion-text-3\"><p>Foto: Laurent Orseau<\/p>\n<\/div><\/div><\/div><\/div><\/div><div class=\"fusion-fullwidth fullwidth-box fusion-builder-row-3 fusion-flex-container has-pattern-background has-mask-background nonhundred-percent-fullwidth non-hundred-percent-height-scrolling\" style=\"--awb-border-radius-top-left:0px;--awb-border-radius-top-right:0px;--awb-border-radius-bottom-right:0px;--awb-border-radius-bottom-left:0px;--awb-flex-wrap:wrap;\" ><div class=\"fusion-builder-row fusion-row fusion-flex-align-items-flex-start fusion-flex-content-wrap\" style=\"max-width:1248px;margin-left: calc(-4% \/ 2 );margin-right: calc(-4% \/ 2 );\"><div class=\"fusion-layout-column fusion_builder_column fusion-builder-column-4 fusion_builder_column_1_2 1_2 fusion-flex-column\" style=\"--awb-bg-size:cover;--awb-width-large:50%;--awb-margin-top-large:0px;--awb-spacing-right-large:3.84%;--awb-margin-bottom-large:20px;--awb-spacing-left-large:3.84%;--awb-width-medium:50%;--awb-order-medium:0;--awb-spacing-right-medium:3.84%;--awb-spacing-left-medium:3.84%;--awb-width-small:100%;--awb-order-small:0;--awb-spacing-right-small:1.92%;--awb-spacing-left-small:1.92%;\"><div class=\"fusion-column-wrapper fusion-column-has-shadow fusion-flex-justify-content-flex-start fusion-content-layout-column\"><\/div><\/div><div class=\"fusion-layout-column fusion_builder_column fusion-builder-column-5 fusion_builder_column_1_2 1_2 fusion-flex-column\" style=\"--awb-bg-size:cover;--awb-width-large:50%;--awb-margin-top-large:0px;--awb-spacing-right-large:3.84%;--awb-margin-bottom-large:20px;--awb-spacing-left-large:3.84%;--awb-width-medium:50%;--awb-order-medium:0;--awb-spacing-right-medium:3.84%;--awb-spacing-left-medium:3.84%;--awb-width-small:100%;--awb-order-small:0;--awb-spacing-right-small:1.92%;--awb-spacing-left-small:1.92%;\"><div class=\"fusion-column-wrapper fusion-column-has-shadow fusion-flex-justify-content-flex-start fusion-content-layout-column\"><\/div><\/div><\/div><\/div><\/p>\n","protected":false},"excerpt":{"rendered":"","protected":false},"author":6,"featured_media":10381,"template":"","meta":{"_tribe_events_status":"","_tribe_events_status_reason":"","footnotes":""},"tags":[],"tribe_events_cat":[98,96,100],"class_list":["post-10179","tribe_events","type-tribe_events","status-publish","has-post-thumbnail","hentry","tribe_events_cat-concert","tribe_events_cat-event","tribe_events_cat-performance","cat_concert","cat_event","cat_performance"],"_links":{"self":[{"href":"https:\/\/trun-cultura.ch\/en\/wp-json\/wp\/v2\/tribe_events\/10179","targetHints":{"allow":["GET"]}}],"collection":[{"href":"https:\/\/trun-cultura.ch\/en\/wp-json\/wp\/v2\/tribe_events"}],"about":[{"href":"https:\/\/trun-cultura.ch\/en\/wp-json\/wp\/v2\/types\/tribe_events"}],"author":[{"embeddable":true,"href":"https:\/\/trun-cultura.ch\/en\/wp-json\/wp\/v2\/users\/6"}],"version-history":[{"count":15,"href":"https:\/\/trun-cultura.ch\/en\/wp-json\/wp\/v2\/tribe_events\/10179\/revisions"}],"predecessor-version":[{"id":10358,"href":"https:\/\/trun-cultura.ch\/en\/wp-json\/wp\/v2\/tribe_events\/10179\/revisions\/10358"}],"wp:featuredmedia":[{"embeddable":true,"href":"https:\/\/trun-cultura.ch\/en\/wp-json\/wp\/v2\/media\/10381"}],"wp:attachment":[{"href":"https:\/\/trun-cultura.ch\/en\/wp-json\/wp\/v2\/media?parent=10179"}],"wp:term":[{"taxonomy":"post_tag","embeddable":true,"href":"https:\/\/trun-cultura.ch\/en\/wp-json\/wp\/v2\/tags?post=10179"},{"taxonomy":"tribe_events_cat","embeddable":true,"href":"https:\/\/trun-cultura.ch\/en\/wp-json\/wp\/v2\/tribe_events_cat?post=10179"}],"curies":[{"name":"wp","href":"https:\/\/api.w.org\/{rel}","templated":true}]}}